{"id":28844,"date":"2024-09-09T21:07:11","date_gmt":"2024-09-09T19:07:11","guid":{"rendered":"https:\/\/newsite.natural-talent.fr\/?page_id=28844"},"modified":"2025-06-18T10:15:16","modified_gmt":"2025-06-18T08:15:16","slug":"coaching-professionnel","status":"publish","type":"page","link":"https:\/\/natural-talent.fr\/en\/coaching-professionnel\/","title":{"rendered":"Professional Coaching"},"content":{"rendered":"[et_pb_section fb_built=\u00a0\u00bb1&Prime; admin_label=\u00a0\u00bbHeader\u00a0\u00bb _builder_version=\u00a0\u00bb4.27.4&Prime; _module_preset=\u00a0\u00bbdefault\u00a0\u00bb background_enable_color=\u00a0\u00bboff\u00a0\u00bb use_background_color_gradient=\u00a0\u00bbon\u00a0\u00bb background_color_gradient_stops=\u00a0\u00bbgcid-secondary-color 0%|gcid-primary-color 100%\u00a0\u00bb background_image=\u00a0\u00bbhttps:\/\/newsite.natural-talent.fr\/wp-content\/uploads\/2024\/09\/tilqbsibo7s.jpg\u00a0\u00bb background_blend=\u00a0\u00bbscreen\u00a0\u00bb custom_padding=\u00a0\u00bb4vw||2vw||false|false\u00a0\u00bb locked=\u00a0\u00bboff\u00a0\u00bb collapsed=\u00a0\u00bbon\u00a0\u00bb global_colors_info=\u00a0\u00bb{%22gcid-9fa4a1b6-767d-41ca-984c-a6f10449c843%22:%91%22background_color_gradient_stops%22%93,%22gcid-secondary-color%22:%91%22background_color_gradient_stops%22%93,%22gcid-primary-color%22:%91%22background_color_gradient_stops%22%93}\u00a0\u00bb][et_pb_row _builder_version=\u00a0\u00bb4.20.0&Prime; _module_preset=\u00a0\u00bbdefault\u00a0\u00bb global_colors_info=\u00a0\u00bb{}\u00a0\u00bb][et_pb_column type=\u00a0\u00bb4_4&Prime; _builder_version=\u00a0\u00bb4.20.0&Prime; _module_preset=\u00a0\u00bbdefault\u00a0\u00bb global_colors_info=\u00a0\u00bb{}\u00a0\u00bb][et_pb_text _builder_version=\u00a0\u00bb4.27.4&Prime; _module_preset=\u00a0\u00bbb7233102-5175-4aca-8a55-1ebe4bed97b1&Prime; header_text_color=\u00a0\u00bb#FFFFFF\u00a0\u00bb header_font_size=\u00a0\u00bb49px\u00a0\u00bb text_orientation=\u00a0\u00bbcenter\u00a0\u00bb global_colors_info=\u00a0\u00bb{}\u00a0\u00bb]<h1 style=\"text-align: center;\">Vocal Coaching &amp; Training<\/h1>[\/et_pb_text][\/et_pb_column][\/et_pb_row][\/et_pb_section][et_pb_section fb_built=\u00a0\u00bb1&Prime; _builder_version=\u00a0\u00bb4.27.4&Prime; _module_preset=\u00a0\u00bbdefault\u00a0\u00bb custom_padding=\u00a0\u00bb5vw||5vw||true|false\u00a0\u00bb global_colors_info=\u00a0\u00bb{}\u00a0\u00bb][et_pb_row column_structure=\u00a0\u00bb1_2,1_2&Prime; _builder_version=\u00a0\u00bb4.27.4&Prime; _module_preset=\u00a0\u00bbdefault\u00a0\u00bb global_colors_info=\u00a0\u00bb{}\u00a0\u00bb][et_pb_column type=\u00a0\u00bb1_2&Prime; _builder_version=\u00a0\u00bb4.27.4&Prime; _module_preset=\u00a0\u00bbdefault\u00a0\u00bb global_colors_info=\u00a0\u00bb{}\u00a0\u00bb][et_pb_image src=\u00a0\u00bbhttps:\/\/newsite.natural-talent.fr\/wp-content\/uploads\/2025\/01\/Photo-bandeau-A-proposN.T.jpg\u00a0\u00bb title_text=\u00a0\u00bbPhoto bandeau A\u0300 proposN.T\u00a0\u00bb align=\u00a0\u00bbright\u00a0\u00bb force_fullwidth=\u00a0\u00bbon\u00a0\u00bb _builder_version=\u00a0\u00bb4.27.4&Prime; _module_preset=\u00a0\u00bbdefault\u00a0\u00bb width_last_edited=\u00a0\u00bboff|desktop\u00a0\u00bb global_colors_info=\u00a0\u00bb{}\u00a0\u00bb][\/et_pb_image][\/et_pb_column][et_pb_column type=\u00a0\u00bb1_2&Prime; _builder_version=\u00a0\u00bb4.27.4&Prime; _module_preset=\u00a0\u00bbdefault\u00a0\u00bb global_colors_info=\u00a0\u00bb{}\u00a0\u00bb][et_pb_text _builder_version=\u00a0\u00bb4.27.4&Prime; _module_preset=\u00a0\u00bbdefault\u00a0\u00bb text_line_height=\u00a0\u00bb1em\u00a0\u00bb header_2_text_align=\u00a0\u00bbleft\u00a0\u00bb header_2_text_color=\u00a0\u00bb#1D899E\u00a0\u00bb header_2_font_size=\u00a0\u00bb34px\u00a0\u00bb text_orientation=\u00a0\u00bbright\u00a0\u00bb custom_margin=\u00a0\u00bb||20px|||\u00a0\u00bb global_colors_info=\u00a0\u00bb{}\u00a0\u00bb]<h2 style=\"text-align: left;\">Vocal coaching &amp; training<\/h2>\n<p style=\"text-align: left;\"><em>spoken voice and sung voice<\/em><\/p>[\/et_pb_text][et_pb_text _builder_version=\u00a0\u00bb4.25.2&Prime; _module_preset=\u00a0\u00bbd8d972f2-168f-4357-82c3-46d52a267864&Prime; text_text_color=\u00a0\u00bb#FFFFFF\u00a0\u00bb custom_padding=\u00a0\u00bb7px|||||\u00a0\u00bb global_colors_info=\u00a0\u00bb{}\u00a0\u00bb]<p class=\"has-text-align-center\" style=\"text-align: justify;\"><span style=\"color: #2a5a5c;\"><strong>Vocal coaching<\/strong><\/span><span style=\"color: #030708;\">\u00a0is a process of accompaniment towards achieving your goal and whose request involves your voice. It is a collaboration between a coach and a client, aimed at developing the latter\u2019s personal and professional potential. The certified coach helps the client find their own solutions through a creative, ethical and confidential process, without giving direct advice.\u00a0<\/span><\/p>\n<p class=\"has-text-align-center\" style=\"text-align: justify;\"><span style=\"color: #2a5a5c;\"><strong>Vocal training <\/strong><\/span><span style=\"color: #030708;\">is a personalized, tailor-made training, adapted to your needs and that allows you to progress, improve, memorize the right voice gestures.<\/span><\/p>\n<p class=\"has-text-align-center\" style=\"text-align: justify;\"><\/p>[\/et_pb_text][\/et_pb_column][\/et_pb_row][et_pb_row column_structure=\u00a0\u00bb1_3,1_3,1_3&Prime; _builder_version=\u00a0\u00bb4.27.4&Prime; _module_preset=\u00a0\u00bbdefault\u00a0\u00bb global_colors_info=\u00a0\u00bb{}\u00a0\u00bb][et_pb_column type=\u00a0\u00bb1_3&Prime; _builder_version=\u00a0\u00bb4.27.4&Prime; _module_preset=\u00a0\u00bbdefault\u00a0\u00bb global_colors_info=\u00a0\u00bb{}\u00a0\u00bb][et_pb_text _builder_version=\u00a0\u00bb4.27.4&Prime; _module_preset=\u00a0\u00bbdefault\u00a0\u00bb text_font=\u00a0\u00bb||||||||\u00a0\u00bb text_orientation=\u00a0\u00bbcenter\u00a0\u00bb global_colors_info=\u00a0\u00bb{}\u00a0\u00bb]<p><strong>Embody Your Message<\/strong><\/p>\n<p><strong>Be inspired<\/strong><\/p>\n<p><strong>Mastering your voice and taking care of your voice<\/strong><\/p>\n<p><strong>Energy and vocal dynamics<\/strong><strong><\/strong><\/p>[\/et_pb_text][\/et_pb_column][et_pb_column type=\u00a0\u00bb1_3&Prime; _builder_version=\u00a0\u00bb4.27.4&Prime; _module_preset=\u00a0\u00bbdefault\u00a0\u00bb global_colors_info=\u00a0\u00bb{}\u00a0\u00bb][et_pb_text _builder_version=\u00a0\u00bb4.27.4&Prime; _module_preset=\u00a0\u00bbdefault\u00a0\u00bb text_font=\u00a0\u00bb||||||||\u00a0\u00bb text_orientation=\u00a0\u00bbcenter\u00a0\u00bb global_colors_info=\u00a0\u00bb{}\u00a0\u00bb]<p><strong>Regulation of emotions and stress<\/strong><\/p>\n<p><strong>Public speaking<\/strong><\/p>\n<p><strong>Vocal leadership<\/strong><\/p>\n<p><strong>Voice recording<\/strong><\/p>[\/et_pb_text][\/et_pb_column][et_pb_column type=\u00a0\u00bb1_3&Prime; _builder_version=\u00a0\u00bb4.27.4&Prime; _module_preset=\u00a0\u00bbdefault\u00a0\u00bb global_colors_info=\u00a0\u00bb{}\u00a0\u00bb][et_pb_text _builder_version=\u00a0\u00bb4.27.4&Prime; _module_preset=\u00a0\u00bbdefault\u00a0\u00bb text_orientation=\u00a0\u00bbcenter\u00a0\u00bb global_colors_info=\u00a0\u00bb{}\u00a0\u00bb]<p><strong>Dare your voice<\/strong><\/p>\n<p><strong>Vocal techniques<\/strong><\/p>\n<p><strong>Full and deep breathing<\/strong><\/p>[\/et_pb_text][\/et_pb_column][\/et_pb_row][\/et_pb_section][et_pb_section fb_built=\u00a0\u00bb1&Prime; admin_label=\u00a0\u00bbHeader\u00a0\u00bb _builder_version=\u00a0\u00bb4.27.4&Prime; _module_preset=\u00a0\u00bbdefault\u00a0\u00bb background_enable_color=\u00a0\u00bboff\u00a0\u00bb use_background_color_gradient=\u00a0\u00bbon\u00a0\u00bb background_color_gradient_stops=\u00a0\u00bbgcid-secondary-color 0%|gcid-primary-color 100%\u00a0\u00bb background_image=\u00a0\u00bbhttps:\/\/newsite.natural-talent.fr\/wp-content\/uploads\/2024\/09\/paul-green-126960-unsplash-scaled.jpg\u00a0\u00bb background_blend=\u00a0\u00bbscreen\u00a0\u00bb custom_padding=\u00a0\u00bb2vw||2vw||false|false\u00a0\u00bb locked=\u00a0\u00bboff\u00a0\u00bb collapsed=\u00a0\u00bbon\u00a0\u00bb global_colors_info=\u00a0\u00bb{%22gcid-9fa4a1b6-767d-41ca-984c-a6f10449c843%22:%91%22background_color_gradient_stops%22%93,%22gcid-secondary-color%22:%91%22background_color_gradient_stops%22%93,%22gcid-primary-color%22:%91%22background_color_gradient_stops%22%93}\u00a0\u00bb][et_pb_row column_structure=\u00a0\u00bb1_3,1_3,1_3&Prime; _builder_version=\u00a0\u00bb4.25.2&Prime; _module_preset=\u00a0\u00bbdefault\u00a0\u00bb global_colors_info=\u00a0\u00bb{}\u00a0\u00bb][et_pb_column type=\u00a0\u00bb1_3&Prime; _builder_version=\u00a0\u00bb4.25.2&Prime; _module_preset=\u00a0\u00bbdefault\u00a0\u00bb global_colors_info=\u00a0\u00bb{}\u00a0\u00bb][et_pb_text _builder_version=\u00a0\u00bb4.27.4&Prime; _module_preset=\u00a0\u00bbd8d972f2-168f-4357-82c3-46d52a267864&Prime; header_3_text_align=\u00a0\u00bbcenter\u00a0\u00bb header_3_text_color=\u00a0\u00bb#FFFFFF\u00a0\u00bb inline_fonts=\u00a0\u00bbBirthstone\u00a0\u00bb global_colors_info=\u00a0\u00bb{}\u00a0\u00bb]<h3>Naturally inspiring<\/h3>[\/et_pb_text][\/et_pb_column][et_pb_column type=\u00a0\u00bb1_3&Prime; _builder_version=\u00a0\u00bb4.25.2&Prime; _module_preset=\u00a0\u00bbdefault\u00a0\u00bb global_colors_info=\u00a0\u00bb{}\u00a0\u00bb][et_pb_text _builder_version=\u00a0\u00bb4.27.4&Prime; _module_preset=\u00a0\u00bbd8d972f2-168f-4357-82c3-46d52a267864&Prime; header_3_text_align=\u00a0\u00bbcenter\u00a0\u00bb header_3_text_color=\u00a0\u00bb#FFFFFF\u00a0\u00bb inline_fonts=\u00a0\u00bbBirthstone\u00a0\u00bb global_colors_info=\u00a0\u00bb{%22gcid-9fa4a1b6-767d-41ca-984c-a6f10449c843%22:%91%22text_text_color%22,%22text_text_color%22%93}\u00a0\u00bb]<h3>A healthy and authentic voice<\/h3>[\/et_pb_text][\/et_pb_column][et_pb_column type=\u00a0\u00bb1_3&Prime; _builder_version=\u00a0\u00bb4.20.0&Prime; _module_preset=\u00a0\u00bbdefault\u00a0\u00bb global_colors_info=\u00a0\u00bb{}\u00a0\u00bb][et_pb_text _builder_version=\u00a0\u00bb4.27.4&Prime; _module_preset=\u00a0\u00bbd8d972f2-168f-4357-82c3-46d52a267864&Prime; header_3_text_align=\u00a0\u00bbcenter\u00a0\u00bb header_3_text_color=\u00a0\u00bb#FFFFFF\u00a0\u00bb inline_fonts=\u00a0\u00bbBirthstone\u00a0\u00bb global_colors_info=\u00a0\u00bb{%22gcid-9fa4a1b6-767d-41ca-984c-a6f10449c843%22:%91%22text_text_color%22,%22text_text_color%22%93}\u00a0\u00bb]<h3>Sustainable inner ecology<\/h3>[\/et_pb_text][\/et_pb_column][\/et_pb_row][\/et_pb_section][et_pb_section fb_built=\u00a0\u00bb1&Prime; _builder_version=\u00a0\u00bb4.27.4&Prime; _module_preset=\u00a0\u00bbdefault\u00a0\u00bb background_color=\u00a0\u00bb#FFFFFF\u00a0\u00bb custom_padding=\u00a0\u00bb6vw||6vw||true|false\u00a0\u00bb global_colors_info=\u00a0\u00bb{}\u00a0\u00bb][et_pb_row column_structure=\u00a0\u00bb1_2,1_2&Prime; _builder_version=\u00a0\u00bb4.27.4&Prime; _module_preset=\u00a0\u00bbdefault\u00a0\u00bb max_width=\u00a0\u00bb1400px\u00a0\u00bb custom_margin=\u00a0\u00bb0px||0px||false|false\u00a0\u00bb custom_padding=\u00a0\u00bb0px||0px||false|false\u00a0\u00bb global_colors_info=\u00a0\u00bb{}\u00a0\u00bb][et_pb_column type=\u00a0\u00bb1_2&Prime; _builder_version=\u00a0\u00bb4.25.2&Prime; _module_preset=\u00a0\u00bbdefault\u00a0\u00bb global_colors_info=\u00a0\u00bb{}\u00a0\u00bb][et_pb_image src=\u00a0\u00bbhttps:\/\/newsite.natural-talent.fr\/wp-content\/uploads\/2024\/12\/21751862_124043858335271_6809755063435657387_n.jpg\u00a0\u00bb alt=\u00a0\u00bbgrayscale of man in dress shirt\u00a0\u00bb title_text=\u00a0\u00bb21751862_124043858335271_6809755063435657387_n\u00a0\u00bb _builder_version=\u00a0\u00bb4.25.2&Prime; _module_preset=\u00a0\u00bbdefault\u00a0\u00bb global_colors_info=\u00a0\u00bb{}\u00a0\u00bb][\/et_pb_image][\/et_pb_column][et_pb_column type=\u00a0\u00bb1_2&Prime; _builder_version=\u00a0\u00bb4.25.2&Prime; _module_preset=\u00a0\u00bbdefault\u00a0\u00bb global_colors_info=\u00a0\u00bb{}\u00a0\u00bb][et_pb_text _builder_version=\u00a0\u00bb4.27.4&Prime; _module_preset=\u00a0\u00bbd8d972f2-168f-4357-82c3-46d52a267864&Prime; text_text_color=\u00a0\u00bb#FFFFFF\u00a0\u00bb header_3_font_size=\u00a0\u00bb24px\u00a0\u00bb custom_margin=\u00a0\u00bb||11px|||\u00a0\u00bb custom_padding=\u00a0\u00bb9px|||||\u00a0\u00bb header_3_font_size_tablet=\u00a0\u00bb20px\u00a0\u00bb header_3_font_size_phone=\u00a0\u00bb16px\u00a0\u00bb header_3_font_size_last_edited=\u00a0\u00bbon|desktop\u00a0\u00bb global_colors_info=\u00a0\u00bb{}\u00a0\u00bb]<p class=\"has-text-align-center, translation-block\" style=\"text-align: justify;\"><span style=\"color: #030708\">Do you want to <strong>gain confidence in your voice<\/strong>, <strong>improve your breathing skills<\/strong>, better <strong>manage your stress<\/strong>, <strong>your emotions<\/strong>, your <strong>voice placement<\/strong>, your <strong>rhythm<\/strong>? Do you want to <strong>clarify<\/strong> and <strong>enhance<\/strong> your <strong>timbre<\/strong>, your <strong>diction<\/strong>, your <strong>posture<\/strong>?  \nOur approach, highlighting your own abilities and talents, will provide you with <strong>personalized support<\/strong> in the <strong>development of your skills<\/strong> as well as <strong>a toolbox tailored to your needs<\/strong>, <strong>custom-made<\/strong>, that you will learn to use.<\/span><\/p>\n<\/br>\n<p class=\"has-text-align-center, translation-block\" style=\"text-align: justify;\"><span style=\"color: #030708;\">Vous ressentez le besoin de vous <strong>pr\u00e9parer \u00e0 l\u2019enregistrement en studio<\/strong> ou bien vous exprimez le besoin d\u2019<strong>allier performance et plaisir<\/strong>, <strong>augmenter votre dynamique vocale<\/strong>,\u00a0<strong>facilit\u00e9 le l\u00e2cher-prise<\/strong>,\u00a0<strong>ma\u00eetriser des techniques vocales<\/strong>,\u00a0<strong>d\u2019improvisation<\/strong>,\u00a0<strong>de respiration<\/strong>. Nos vous accompagnons dans votre observation, \u00e0 trouver vos propres strat\u00e9gies\u00a0 et <strong>mettre en place votre entra\u00eenement \u00e9tape par \u00e9tape<\/strong>. Nous prenons en compte votre parcours, vos besoins, vos ressources.<!-- \/wp:post-content --><!-- wp:paragraph {\"align\":\"center\"} --><\/span><\/p><\/br>[\/et_pb_text][\/et_pb_column][\/et_pb_row][et_pb_row _builder_version=\u00a0\u00bb4.27.4&Prime; _module_preset=\u00a0\u00bbdefault\u00a0\u00bb custom_padding=\u00a0\u00bb||0px||false|false\u00a0\u00bb global_colors_info=\u00a0\u00bb{}\u00a0\u00bb][et_pb_column type=\u00a0\u00bb4_4&Prime; _builder_version=\u00a0\u00bb4.27.4&Prime; _module_preset=\u00a0\u00bbdefault\u00a0\u00bb global_colors_info=\u00a0\u00bb{}\u00a0\u00bb][et_pb_text _builder_version=\u00a0\u00bb4.27.4&Prime; _module_preset=\u00a0\u00bbd8d972f2-168f-4357-82c3-46d52a267864&Prime; text_text_color=\u00a0\u00bb#FFFFFF\u00a0\u00bb header_3_font_size=\u00a0\u00bb24px\u00a0\u00bb custom_margin=\u00a0\u00bb||11px|||\u00a0\u00bb header_3_font_size_tablet=\u00a0\u00bb20px\u00a0\u00bb header_3_font_size_phone=\u00a0\u00bb16px\u00a0\u00bb header_3_font_size_last_edited=\u00a0\u00bbon|desktop\u00a0\u00bb global_colors_info=\u00a0\u00bb{}\u00a0\u00bb]<p class=\"has-text-align-center, translation-block\" style=\"text-align: justify;\"><span style=\"color: #030708\"><strong>Public speaking coaching<\/strong> to <strong>enhance your vocal leadership<\/strong>, for <strong>an inspired and inspiring communication<\/strong>, to <strong>dare to speak in public<\/strong> and feel comfortable, aligned with who you are<strong>.<\/strong><\/span>  \n\n<span style=\"color: #030708\"><strong>Improve your grounding<\/strong>, <strong>your leadership<\/strong>, <strong>embody your message<\/strong>, <strong>awaken your creativity and inspirations<\/strong>?<\/span>  \n\n<span style=\"color: #030708\">We support you step by step in your journey.<em style=\"font-size: 16px\">\u00a0\u00a0<\/em><\/span><\/p>\n\n\n<hr class=\"wp-block-separator\" \/>\n<p style=\"text-align: center;\"><span style=\"color: #030708;\"><em>Coaching sessions are possible in the distance internationally or in person on Bordeaux and everywhere in France.<\/em><\/span><\/p>[\/et_pb_text][\/et_pb_column][\/et_pb_row][\/et_pb_section][et_pb_section fb_built=\u00a0\u00bb1&Prime; admin_label=\u00a0\u00bbHeader\u00a0\u00bb _builder_version=\u00a0\u00bb4.27.4&Prime; _module_preset=\u00a0\u00bbdefault\u00a0\u00bb background_enable_color=\u00a0\u00bboff\u00a0\u00bb use_background_color_gradient=\u00a0\u00bbon\u00a0\u00bb background_color_gradient_stops=\u00a0\u00bbgcid-secondary-color 0%|gcid-primary-color 100%\u00a0\u00bb background_image=\u00a0\u00bbhttps:\/\/newsite.natural-talent.fr\/wp-content\/uploads\/2024\/09\/paul-green-126960-unsplash-scaled.jpg\u00a0\u00bb background_blend=\u00a0\u00bbscreen\u00a0\u00bb custom_padding=\u00a0\u00bb2vw||2vw||false|false\u00a0\u00bb locked=\u00a0\u00bboff\u00a0\u00bb collapsed=\u00a0\u00bbon\u00a0\u00bb global_colors_info=\u00a0\u00bb{%22gcid-9fa4a1b6-767d-41ca-984c-a6f10449c843%22:%91%22background_color_gradient_stops%22%93,%22gcid-secondary-color%22:%91%22background_color_gradient_stops%22%93,%22gcid-primary-color%22:%91%22background_color_gradient_stops%22%93}\u00a0\u00bb][et_pb_row _builder_version=\u00a0\u00bb4.25.2&Prime; _module_preset=\u00a0\u00bbdefault\u00a0\u00bb max_width=\u00a0\u00bb1200px\u00a0\u00bb global_colors_info=\u00a0\u00bb{}\u00a0\u00bb][et_pb_column type=\u00a0\u00bb4_4&Prime; _builder_version=\u00a0\u00bb4.25.2&Prime; _module_preset=\u00a0\u00bbdefault\u00a0\u00bb global_colors_info=\u00a0\u00bb{}\u00a0\u00bb][et_pb_text _builder_version=\u00a0\u00bb4.27.4&Prime; _module_preset=\u00a0\u00bbdefault\u00a0\u00bb text_text_color=\u00a0\u00bb#FFFFFF\u00a0\u00bb text_font_size=\u00a0\u00bb19px\u00a0\u00bb text_orientation=\u00a0\u00bbcenter\u00a0\u00bb module_alignment=\u00a0\u00bbcenter\u00a0\u00bb custom_margin=\u00a0\u00bb||16px|||\u00a0\u00bb hover_enabled=\u00a0\u00bb0&Prime; global_colors_info=\u00a0\u00bb{}\u00a0\u00bb sticky_enabled=\u00a0\u00bb0&Prime;]<p>Whether you're an artist, freelancer or business professional, vocal coaching helps you master your voice, strengthen your presence and deliver your message with confidence.<\/p>[\/et_pb_text][et_pb_button button_url=\u00a0\u00bb@ET-DC@eyJkeW5hbWljIjp0cnVlLCJjb250ZW50IjoicG9zdF9saW5rX3VybF9wYWdlIiwic2V0dGluZ3MiOnsicG9zdF9pZCI6IjQ1In19@\u00a0\u00bb button_text=\u00a0\u00bbR\u00e9servez votre 1er rendez-vous\u00a0\u00bb button_alignment=\u00a0\u00bbcenter\u00a0\u00bb _builder_version=\u00a0\u00bb4.27.4&Prime; _dynamic_attributes=\u00a0\u00bbbutton_url\u00a0\u00bb _module_preset=\u00a0\u00bbdefault\u00a0\u00bb background_layout=\u00a0\u00bbdark\u00a0\u00bb global_colors_info=\u00a0\u00bb{}\u00a0\u00bb][\/et_pb_button][\/et_pb_column][\/et_pb_row][\/et_pb_section][et_pb_section fb_built=\u00a0\u00bb1&Prime; _builder_version=\u00a0\u00bb4.27.4&Prime; _module_preset=\u00a0\u00bbdefault\u00a0\u00bb custom_padding=\u00a0\u00bb30px|||||\u00a0\u00bb global_colors_info=\u00a0\u00bb{}\u00a0\u00bb][et_pb_row _builder_version=\u00a0\u00bb4.27.4&Prime; _module_preset=\u00a0\u00bbdefault\u00a0\u00bb global_colors_info=\u00a0\u00bb{}\u00a0\u00bb][et_pb_column type=\u00a0\u00bb4_4&Prime; _builder_version=\u00a0\u00bb4.27.4&Prime; _module_preset=\u00a0\u00bbdefault\u00a0\u00bb global_colors_info=\u00a0\u00bb{}\u00a0\u00bb][lwp_post_carousel slides_show_tablet=\u00a0\u00bb2&Prime; slides_show_phone=\u00a0\u00bb1&Prime; slides_show_last_edited=\u00a0\u00bbon|phone\u00a0\u00bb _builder_version=\u00a0\u00bb4.27.4&Prime; _module_preset=\u00a0\u00bbdefault\u00a0\u00bb post_title_font_size=\u00a0\u00bb16px\u00a0\u00bb custom_button=\u00a0\u00bbon\u00a0\u00bb button_text_size=\u00a0\u00bb16px\u00a0\u00bb button_text_color=\u00a0\u00bb#FFFFFF\u00a0\u00bb button_bg_color=\u00a0\u00bb#1D899E\u00a0\u00bb button_border_radius=\u00a0\u00bb100px\u00a0\u00bb button_font=\u00a0\u00bbPrata||||||||\u00a0\u00bb button_border_width_last_edited=\u00a0\u00bboff|desktop\u00a0\u00bb custom_css_free_form=\u00a0\u00bbselector p||{||  display: none;||}\u00a0\u00bb global_colors_info=\u00a0\u00bb{}\u00a0\u00bb][\/lwp_post_carousel][\/et_pb_column][\/et_pb_row][\/et_pb_section]","protected":false},"excerpt":{"rendered":"<p>Coaching &amp; training vocalCoaching vocal voix parl\u00e9e et voix chant\u00e9eLe coaching vocal\u00a0est un processus d\u2019accompagnement vers l\u2019atteinte de votre objectif et dont la demande implique votre voix. C&rsquo;est une collaboration entre un coach et un client, visant \u00e0 d\u00e9velopper le potentiel personnel et professionnel de ce dernier. Le coach certifi\u00e9 aide le client \u00e0 trouver [&hellip;]<\/p>","protected":false},"author":1,"featured_media":0,"parent":0,"menu_order":0,"comment_status":"closed","ping_status":"closed","template":"","meta":{"_et_pb_use_builder":"on","_et_pb_old_content":"","_et_gb_content_width":"","footnotes":""},"class_list":["post-28844","page","type-page","status-publish","hentry"],"_links":{"self":[{"href":"https:\/\/natural-talent.fr\/en\/wp-json\/wp\/v2\/pages\/28844","targetHints":{"allow":["GET"]}}],"collection":[{"href":"https:\/\/natural-talent.fr\/en\/wp-json\/wp\/v2\/pages"}],"about":[{"href":"https:\/\/natural-talent.fr\/en\/wp-json\/wp\/v2\/types\/page"}],"author":[{"embeddable":true,"href":"https:\/\/natural-talent.fr\/en\/wp-json\/wp\/v2\/users\/1"}],"replies":[{"embeddable":true,"href":"https:\/\/natural-talent.fr\/en\/wp-json\/wp\/v2\/comments?post=28844"}],"version-history":[{"count":63,"href":"https:\/\/natural-talent.fr\/en\/wp-json\/wp\/v2\/pages\/28844\/revisions"}],"predecessor-version":[{"id":29647,"href":"https:\/\/natural-talent.fr\/en\/wp-json\/wp\/v2\/pages\/28844\/revisions\/29647"}],"wp:attachment":[{"href":"https:\/\/natural-talent.fr\/en\/wp-json\/wp\/v2\/media?parent=28844"}],"curies":[{"name":"wp","href":"https:\/\/api.w.org\/{rel}","templated":true}]}}